{"id":37279,"date":"2023-07-07T17:26:45","date_gmt":"2023-07-07T15:26:45","guid":{"rendered":"https:\/\/diploma2023.ecolecamondo.fr\/memoire\/tahina-ewald\/dimensions-esthetiques-et-iconographiques-de-larchitecture-submergee\/"},"modified":"2023-10-15T14:02:16","modified_gmt":"2023-10-15T12:02:16","slug":"dimensions-esthetiques-et-iconographiques-de-larchitecture-submergee","status":"publish","type":"dissertation","link":"https:\/\/diploma2023.ecolecamondo.fr\/en\/memoire\/tahina-ewald\/dimensions-esthetiques-et-iconographiques-de-larchitecture-submergee\/","title":{"rendered":"Aesthetic and iconographic dimensions of submerged architecture"},"content":{"rendered":"<article class=\"media-pdf bloc\">\n    <div class=\"media-pdf__content type-pdf\">\n        <div class=\"media-pdf__container\">\n            <div class=\"_df_book\" height=\"500\" source=\"https:\/\/diploma2023.ecolecamondo.fr\/content\/uploads\/2023\/07\/memoire_ewald_tahina_5a_2023.pdf\">\n                <div id=\"cursor-custom\" class=\"cursor js-cursor\" data-moved=\"false\">\n    <div class=\"cursor__more js-cursor-more\"><\/div>\n    <div class=\"cursor__zoom js-cursor-zoom\"><\/div>\n    <div class=\"cursor__hexagon js-cursor-hexagon\">\n        <svg width=\"22\" height=\"22\" viewBox=\"0 0 22 22\" fill=\"none\" xmlns=\"http:\/\/www.w3.org\/2000\/svg\">\n        <path class=\"path-main\" d=\"M2.83975 6.28867L11 1.57735L19.1603 6.28867V15.7113L11 20.4227L2.83975 15.7113V6.28867Z\" fill=\"black\" stroke=\"black\"\/>\n        <path class=\"path-second\" d=\"M1.97372 5.78867L11 0.57735L20.0263 5.78867V16.2113L11 21.4227L1.97372 16.2113V5.78867Z\" stroke=\"white\"\/>\n        <\/svg>\n    <\/div>\n<\/div>\n            <\/div>\n        <\/div>\n    <\/div>\n<\/article>\n","protected":false},"author":146,"featured_media":37280,"template":"","meta":{"_acf_changed":false,"_metafield_presentation":"This dissertation offers and explanation of the persistent fantasy of submerged architecture, in literature and film as well as contemporary architectural projects. It is the culmination of a study that initially focused on rising water levels, before meandering into a hypothesis on this fantasy\u2019s historiographical and mythological source. We will ultimately learn that these images of submerged ruins can be nothing more than utopian: once realised, this entire imaginary world crumbles.\u00a0","_metafield_image_toggle":false,"_metafield_image_legend":"","_metafield_gallery":"[{\"id\":34785,\"title\":\"5CD6FE5E-E113-43EB-AEB4-C40814596225\",\"url\":\"https:\/\/diploma2023.ecolecamondo.fr\/content\/uploads\/2023\/07\/5cd6fe5e-e113-43eb-aeb4-c40814596225.jpeg\",\"thumbnail\":\"https:\/\/diploma2023.ecolecamondo.fr\/content\/uploads\/2023\/07\/5cd6fe5e-e113-43eb-aeb4-c40814596225-150x150.jpeg\"},{\"id\":34786,\"title\":\"851E2E17-26E9-45E4-9A7B-26A28638E22A\",\"url\":\"https:\/\/diploma2023.ecolecamondo.fr\/content\/uploads\/2023\/07\/851e2e17-26e9-45e4-9a7b-26a28638e22a.jpeg\",\"thumbnail\":\"https:\/\/diploma2023.ecolecamondo.fr\/content\/uploads\/2023\/07\/851e2e17-26e9-45e4-9a7b-26a28638e22a-150x150.jpeg\"},{\"id\":34787,\"title\":\"5F894E61-C066-474B-82BF-4BA745579B58\",\"url\":\"https:\/\/diploma2023.ecolecamondo.fr\/content\/uploads\/2023\/07\/5f894e61-c066-474b-82bf-4ba745579b58.jpeg\",\"thumbnail\":\"https:\/\/diploma2023.ecolecamondo.fr\/content\/uploads\/2023\/07\/5f894e61-c066-474b-82bf-4ba745579b58-150x150.jpeg\"},{\"id\":34791,\"title\":\"454FD6BD-182C-45D8-B605-166338BF2B55\",\"url\":\"https:\/\/diploma2023.ecolecamondo.fr\/content\/uploads\/2023\/07\/454fd6bd-182c-45d8-b605-166338bf2b55.jpeg\",\"thumbnail\":\"https:\/\/diploma2023.ecolecamondo.fr\/content\/uploads\/2023\/07\/454fd6bd-182c-45d8-b605-166338bf2b55-150x150.jpeg\"},{\"id\":34792,\"title\":\"57DFFAF4-F64D-4D5B-961A-DCE69280A251\",\"url\":\"https:\/\/diploma2023.ecolecamondo.fr\/content\/uploads\/2023\/07\/57dffaf4-f64d-4d5b-961a-dce69280a251.jpeg\",\"thumbnail\":\"https:\/\/diploma2023.ecolecamondo.fr\/content\/uploads\/2023\/07\/57dffaf4-f64d-4d5b-961a-dce69280a251-150x150.jpeg\"},{\"id\":34793,\"title\":\"E46182BB-E3AB-4E72-8A47-5CDC18187B0A\",\"url\":\"https:\/\/diploma2023.ecolecamondo.fr\/content\/uploads\/2023\/07\/e46182bb-e3ab-4e72-8a47-5cdc18187b0a.jpeg\",\"thumbnail\":\"https:\/\/diploma2023.ecolecamondo.fr\/content\/uploads\/2023\/07\/e46182bb-e3ab-4e72-8a47-5cdc18187b0a-150x150.jpeg\"},{\"id\":34797,\"title\":\"76E4B777-9229-4BAB-AA62-914A11EB831A\",\"url\":\"https:\/\/diploma2023.ecolecamondo.fr\/content\/uploads\/2023\/07\/76e4b777-9229-4bab-aa62-914a11eb831a.jpeg\",\"thumbnail\":\"https:\/\/diploma2023.ecolecamondo.fr\/content\/uploads\/2023\/07\/76e4b777-9229-4bab-aa62-914a11eb831a-150x150.jpeg\"}]"},"keywords":[165,167,176],"teachers_list_1":[120],"class_list":["post-37279","dissertation","type-dissertation","status-publish","has-post-thumbnail","hentry","keywords-artistic-field","keywords-research-approach","keywords-societal-field","teachers_list_1-aleksey-sevastyanov"],"acf":[],"yoast_head":"<!-- This site is optimized with the Yoast SEO plugin v27.2 - https:\/\/yoast.com\/product\/yoast-seo-wordpress\/ -->\n<title>Aesthetic and iconographic dimensions of submerged architecture - Diploma Camondo \u00e9dition 2023<\/title>\n<meta name=\"robots\" content=\"index, follow, max-snippet:-1, max-image-preview:large, max-video-preview:-1\" \/>\n<link rel=\"canonical\" href=\"https:\/\/diploma2023.ecolecamondo.fr\/en\/memoire\/tahina-ewald\/dimensions-esthetiques-et-iconographiques-de-larchitecture-submergee\/\" \/>\n<meta property=\"og:locale\" content=\"en_US\" \/>\n<meta property=\"og:type\" content=\"article\" \/>\n<meta property=\"og:title\" content=\"Aesthetic and iconographic dimensions of submerged architecture - Diploma Camondo \u00e9dition 2023\" \/>\n<meta property=\"og:url\" content=\"https:\/\/diploma2023.ecolecamondo.fr\/en\/memoire\/tahina-ewald\/dimensions-esthetiques-et-iconographiques-de-larchitecture-submergee\/\" \/>\n<meta property=\"og:site_name\" content=\"Diploma Camondo \u00e9dition 2023\" \/>\n<meta property=\"article:modified_time\" content=\"2023-10-15T12:02:16+00:00\" \/>\n<meta property=\"og:image\" content=\"https:\/\/diploma2023.ecolecamondo.fr\/content\/uploads\/2023\/07\/5cd6fe5e-e113-43eb-aeb4-c40814596225.jpeg\" \/>\n\t<meta property=\"og:image:width\" content=\"4960\" \/>\n\t<meta property=\"og:image:height\" content=\"3495\" \/>\n\t<meta property=\"og:image:type\" content=\"image\/jpeg\" \/>\n<meta name=\"twitter:card\" content=\"summary_large_image\" \/>\n<script type=\"application\/ld+json\" class=\"yoast-schema-graph\">{\"@context\":\"https:\/\/schema.org\",\"@graph\":[{\"@type\":\"WebPage\",\"@id\":\"https:\/\/diploma2023.ecolecamondo.fr\/en\/memoire\/tahina-ewald\/dimensions-esthetiques-et-iconographiques-de-larchitecture-submergee\/\",\"url\":\"https:\/\/diploma2023.ecolecamondo.fr\/en\/memoire\/tahina-ewald\/dimensions-esthetiques-et-iconographiques-de-larchitecture-submergee\/\",\"name\":\"Aesthetic and iconographic dimensions of submerged architecture - Diploma Camondo \u00e9dition 2023\",\"isPartOf\":{\"@id\":\"https:\/\/diploma2023.ecolecamondo.fr\/en\/#website\"},\"primaryImageOfPage\":{\"@id\":\"https:\/\/diploma2023.ecolecamondo.fr\/en\/memoire\/tahina-ewald\/dimensions-esthetiques-et-iconographiques-de-larchitecture-submergee\/#primaryimage\"},\"image\":{\"@id\":\"https:\/\/diploma2023.ecolecamondo.fr\/en\/memoire\/tahina-ewald\/dimensions-esthetiques-et-iconographiques-de-larchitecture-submergee\/#primaryimage\"},\"thumbnailUrl\":\"https:\/\/diploma2023.ecolecamondo.fr\/content\/uploads\/2023\/07\/5cd6fe5e-e113-43eb-aeb4-c40814596225.jpeg\",\"datePublished\":\"2023-07-07T15:26:45+00:00\",\"dateModified\":\"2023-10-15T12:02:16+00:00\",\"breadcrumb\":{\"@id\":\"https:\/\/diploma2023.ecolecamondo.fr\/en\/memoire\/tahina-ewald\/dimensions-esthetiques-et-iconographiques-de-larchitecture-submergee\/#breadcrumb\"},\"inLanguage\":\"en-US\",\"potentialAction\":[{\"@type\":\"ReadAction\",\"target\":[\"https:\/\/diploma2023.ecolecamondo.fr\/en\/memoire\/tahina-ewald\/dimensions-esthetiques-et-iconographiques-de-larchitecture-submergee\/\"]}]},{\"@type\":\"ImageObject\",\"inLanguage\":\"en-US\",\"@id\":\"https:\/\/diploma2023.ecolecamondo.fr\/en\/memoire\/tahina-ewald\/dimensions-esthetiques-et-iconographiques-de-larchitecture-submergee\/#primaryimage\",\"url\":\"https:\/\/diploma2023.ecolecamondo.fr\/content\/uploads\/2023\/07\/5cd6fe5e-e113-43eb-aeb4-c40814596225.jpeg\",\"contentUrl\":\"https:\/\/diploma2023.ecolecamondo.fr\/content\/uploads\/2023\/07\/5cd6fe5e-e113-43eb-aeb4-c40814596225.jpeg\",\"width\":4960,\"height\":3495},{\"@type\":\"BreadcrumbList\",\"@id\":\"https:\/\/diploma2023.ecolecamondo.fr\/en\/memoire\/tahina-ewald\/dimensions-esthetiques-et-iconographiques-de-larchitecture-submergee\/#breadcrumb\",\"itemListElement\":[{\"@type\":\"ListItem\",\"position\":1,\"name\":\"Accueil\",\"item\":\"https:\/\/diploma2023.ecolecamondo.fr\/en\/\"},{\"@type\":\"ListItem\",\"position\":2,\"name\":\"Dissertation\",\"item\":\"https:\/\/diploma2023.ecolecamondo.fr\/en\/memoire\/%student%\/\"},{\"@type\":\"ListItem\",\"position\":3,\"name\":\"Aesthetic and iconographic dimensions of submerged architecture\"}]},{\"@type\":\"WebSite\",\"@id\":\"https:\/\/diploma2023.ecolecamondo.fr\/en\/#website\",\"url\":\"https:\/\/diploma2023.ecolecamondo.fr\/en\/\",\"name\":\"Diploma Camondo \u00e9dition 2023\",\"description\":\"Travaux des \u00e9tudiants de 5e ann\u00e9e de l&#039;\u00c9cole Camondo\",\"potentialAction\":[{\"@type\":\"SearchAction\",\"target\":{\"@type\":\"EntryPoint\",\"urlTemplate\":\"https:\/\/diploma2023.ecolecamondo.fr\/en\/?s={search_term_string}\"},\"query-input\":{\"@type\":\"PropertyValueSpecification\",\"valueRequired\":true,\"valueName\":\"search_term_string\"}}],\"inLanguage\":\"en-US\"}]}<\/script>\n<!-- \/ Yoast SEO plugin. -->","yoast_head_json":{"title":"Aesthetic and iconographic dimensions of submerged architecture - Diploma Camondo \u00e9dition 2023","robots":{"index":"index","follow":"follow","max-snippet":"max-snippet:-1","max-image-preview":"max-image-preview:large","max-video-preview":"max-video-preview:-1"},"canonical":"https:\/\/diploma2023.ecolecamondo.fr\/en\/memoire\/tahina-ewald\/dimensions-esthetiques-et-iconographiques-de-larchitecture-submergee\/","og_locale":"en_US","og_type":"article","og_title":"Aesthetic and iconographic dimensions of submerged architecture - Diploma Camondo \u00e9dition 2023","og_url":"https:\/\/diploma2023.ecolecamondo.fr\/en\/memoire\/tahina-ewald\/dimensions-esthetiques-et-iconographiques-de-larchitecture-submergee\/","og_site_name":"Diploma Camondo \u00e9dition 2023","article_modified_time":"2023-10-15T12:02:16+00:00","og_image":[{"width":4960,"height":3495,"url":"https:\/\/diploma2023.ecolecamondo.fr\/content\/uploads\/2023\/07\/5cd6fe5e-e113-43eb-aeb4-c40814596225.jpeg","type":"image\/jpeg"}],"twitter_card":"summary_large_image","schema":{"@context":"https:\/\/schema.org","@graph":[{"@type":"WebPage","@id":"https:\/\/diploma2023.ecolecamondo.fr\/en\/memoire\/tahina-ewald\/dimensions-esthetiques-et-iconographiques-de-larchitecture-submergee\/","url":"https:\/\/diploma2023.ecolecamondo.fr\/en\/memoire\/tahina-ewald\/dimensions-esthetiques-et-iconographiques-de-larchitecture-submergee\/","name":"Aesthetic and iconographic dimensions of submerged architecture - Diploma Camondo \u00e9dition 2023","isPartOf":{"@id":"https:\/\/diploma2023.ecolecamondo.fr\/en\/#website"},"primaryImageOfPage":{"@id":"https:\/\/diploma2023.ecolecamondo.fr\/en\/memoire\/tahina-ewald\/dimensions-esthetiques-et-iconographiques-de-larchitecture-submergee\/#primaryimage"},"image":{"@id":"https:\/\/diploma2023.ecolecamondo.fr\/en\/memoire\/tahina-ewald\/dimensions-esthetiques-et-iconographiques-de-larchitecture-submergee\/#primaryimage"},"thumbnailUrl":"https:\/\/diploma2023.ecolecamondo.fr\/content\/uploads\/2023\/07\/5cd6fe5e-e113-43eb-aeb4-c40814596225.jpeg","datePublished":"2023-07-07T15:26:45+00:00","dateModified":"2023-10-15T12:02:16+00:00","breadcrumb":{"@id":"https:\/\/diploma2023.ecolecamondo.fr\/en\/memoire\/tahina-ewald\/dimensions-esthetiques-et-iconographiques-de-larchitecture-submergee\/#breadcrumb"},"inLanguage":"en-US","potentialAction":[{"@type":"ReadAction","target":["https:\/\/diploma2023.ecolecamondo.fr\/en\/memoire\/tahina-ewald\/dimensions-esthetiques-et-iconographiques-de-larchitecture-submergee\/"]}]},{"@type":"ImageObject","inLanguage":"en-US","@id":"https:\/\/diploma2023.ecolecamondo.fr\/en\/memoire\/tahina-ewald\/dimensions-esthetiques-et-iconographiques-de-larchitecture-submergee\/#primaryimage","url":"https:\/\/diploma2023.ecolecamondo.fr\/content\/uploads\/2023\/07\/5cd6fe5e-e113-43eb-aeb4-c40814596225.jpeg","contentUrl":"https:\/\/diploma2023.ecolecamondo.fr\/content\/uploads\/2023\/07\/5cd6fe5e-e113-43eb-aeb4-c40814596225.jpeg","width":4960,"height":3495},{"@type":"BreadcrumbList","@id":"https:\/\/diploma2023.ecolecamondo.fr\/en\/memoire\/tahina-ewald\/dimensions-esthetiques-et-iconographiques-de-larchitecture-submergee\/#breadcrumb","itemListElement":[{"@type":"ListItem","position":1,"name":"Accueil","item":"https:\/\/diploma2023.ecolecamondo.fr\/en\/"},{"@type":"ListItem","position":2,"name":"Dissertation","item":"https:\/\/diploma2023.ecolecamondo.fr\/en\/memoire\/%student%\/"},{"@type":"ListItem","position":3,"name":"Aesthetic and iconographic dimensions of submerged architecture"}]},{"@type":"WebSite","@id":"https:\/\/diploma2023.ecolecamondo.fr\/en\/#website","url":"https:\/\/diploma2023.ecolecamondo.fr\/en\/","name":"Diploma Camondo \u00e9dition 2023","description":"Travaux des \u00e9tudiants de 5e ann\u00e9e de l&#039;\u00c9cole Camondo","potentialAction":[{"@type":"SearchAction","target":{"@type":"EntryPoint","urlTemplate":"https:\/\/diploma2023.ecolecamondo.fr\/en\/?s={search_term_string}"},"query-input":{"@type":"PropertyValueSpecification","valueRequired":true,"valueName":"search_term_string"}}],"inLanguage":"en-US"}]}},"_links":{"self":[{"href":"https:\/\/diploma2023.ecolecamondo.fr\/en\/wp-json\/wp\/v2\/dissertation\/37279","targetHints":{"allow":["GET"]}}],"collection":[{"href":"https:\/\/diploma2023.ecolecamondo.fr\/en\/wp-json\/wp\/v2\/dissertation"}],"about":[{"href":"https:\/\/diploma2023.ecolecamondo.fr\/en\/wp-json\/wp\/v2\/types\/dissertation"}],"author":[{"embeddable":true,"href":"https:\/\/diploma2023.ecolecamondo.fr\/en\/wp-json\/wp\/v2\/users\/146"}],"wp:featuredmedia":[{"embeddable":true,"href":"https:\/\/diploma2023.ecolecamondo.fr\/en\/wp-json\/wp\/v2\/media\/37280"}],"wp:attachment":[{"href":"https:\/\/diploma2023.ecolecamondo.fr\/en\/wp-json\/wp\/v2\/media?parent=37279"}],"wp:term":[{"taxonomy":"keywords","embeddable":true,"href":"https:\/\/diploma2023.ecolecamondo.fr\/en\/wp-json\/wp\/v2\/keywords?post=37279"},{"taxonomy":"teachers_list_1","embeddable":true,"href":"https:\/\/diploma2023.ecolecamondo.fr\/en\/wp-json\/wp\/v2\/teachers_list_1?post=37279"}],"curies":[{"name":"wp","href":"https:\/\/api.w.org\/{rel}","templated":true}]}}